{"id":18544,"date":"2024-02-21T10:56:26","date_gmt":"2024-02-21T09:56:26","guid":{"rendered":"https:\/\/nordicbikeshows.dk\/?post_type=aktivitet&#038;p=18544"},"modified":"2024-02-27T10:50:12","modified_gmt":"2024-02-27T09:50:12","slug":"rolf-soerensen-hos-campione-loerdag-2-marts-stand-267","status":"publish","type":"aktivitet","link":"https:\/\/nordicbikeshows.dk\/en\/activity\/rolf-soerensen-hos-campione-loerdag-2-marts-stand-267\/","title":{"rendered":"Rolf S\u00f8rensen hos Campione \u2013 Stand 267"},"author":31,"featured_media":18545,"template":"","meta":{"_acf_changed":false,"_et_pb_use_builder":"","_et_pb_old_content":"","_et_gb_content_width":""},"maalgruppe":[803],"udstillerider":[534],"posttyper":[183],"standpladser":[],"ug_messe":[466],"linkede_moduler":[],"aktivitetskategori":[8],"programsted":[159],"programdag":[211],"programtidspunkt":[416],"class_list":["post-18544","aktivitet","type-aktivitet","status-publish","has-post-thumbnail","hentry"],"acf":{"title_en":"Rolf S\u00f8rensen hos Campione \u2013 Stand 267","link_til_modul":null,"aktivitetskategori":[8],"maalgruppe":[803],"teaser":"Rolf S\u00f8rensen hos Campione p\u00e5 Stand 267","teaser_en":"Rolf S\u00f8rensen will visit Campione on stand 267 - Saturday 2 March.","beskrivelse":"Rolf S\u00f8rensen st\u00e5r p\u00e5 Campiones stand 267 l\u00f8rdag d. 2 marts p\u00e5 Copenhagen Bike Show. Kig forbi til en snak med Danmarks mest vindende cykelrytter og se alle de gode tilbud vi har med p\u00e5 cykelt\u00f8j og tilbeh\u00f8r fra Astral og Il Biondo. Rolf og hele Campione teamet st\u00e5r klar til en hyggelig dag, snak om cykling og team t\u00f8j.","beskrivelse_en":"<div class=\"tom beskrivelse dansk\"><p>Rolf S\u00f8rensen st\u00e5r p\u00e5 Campiones stand 267 l\u00f8rdag d. 2 marts p\u00e5 Copenhagen Bike Show. Kig forbi til en snak med Danmarks mest vindende cykelrytter og se alle de gode tilbud vi har med p\u00e5 cykelt\u00f8j og tilbeh\u00f8r fra Astral og Il Biondo. Rolf og hele Campione teamet st\u00e5r klar til en hyggelig dag, snak om cykling og team t\u00f8j.<\/p>\n<\/div>","_thumbnail_id":18545,"billeder":[18553,18551,18549,4637,4635],"url_video":"","video_splash":"","modul_standplads":["standard"],"programsted":[159],"programdag":[211],"programtidspunkt":[416],"tidspunkter":[{"dag":"loerdag","tidspunkt":"09:00:00","sluttidspunkt":"11:30:00","relation_tidspunkt":[18555],"dag_tid_org":"L\u00f8rdag kl. 09.00-11.30","dag_tid_org_en":"Saturday @ 09:00-11:30","slug":"_6_loerdag_09-00_rolf-soerensen-hos-campione-loerdag-2-marts-stand-267_11-30"}],"modul_ug_messe":[466],"relation_udstiller":[4577],"relation_module_notes":null,"oversaet_til_engelsk":false,"oversaet_titel_til_engelsk":false,"overskriv_oversaettelse":false,"standpladser":false,"standard_url":"rolf-soerensen-hos-campione-loerdag-2-marts-stand-267?messe=cbs","posttyper":[183],"linkede_moduler":false,"udstillerider":[534]},"_links":{"self":[{"href":"https:\/\/nordicbikeshows.dk\/en\/wp-json\/wp\/v2\/aktivitet\/18544","targetHints":{"allow":["GET"]}}],"collection":[{"href":"https:\/\/nordicbikeshows.dk\/en\/wp-json\/wp\/v2\/aktivitet"}],"about":[{"href":"https:\/\/nordicbikeshows.dk\/en\/wp-json\/wp\/v2\/types\/aktivitet"}],"author":[{"embeddable":true,"href":"https:\/\/nordicbikeshows.dk\/en\/wp-json\/wp\/v2\/users\/31"}],"acf:post":[{"embeddable":true,"href":"https:\/\/nordicbikeshows.dk\/en\/wp-json\/wp\/v2\/udstiller\/4577"}],"acf:attachment":[{"embeddable":true,"href":"https:\/\/nordicbikeshows.dk\/en\/wp-json\/wp\/v2\/media\/4635"},{"embeddable":true,"href":"https:\/\/nordicbikeshows.dk\/en\/wp-json\/wp\/v2\/media\/4637"},{"embeddable":true,"href":"https:\/\/nordicbikeshows.dk\/en\/wp-json\/wp\/v2\/media\/18549"},{"embeddable":true,"href":"https:\/\/nordicbikeshows.dk\/en\/wp-json\/wp\/v2\/media\/18551"},{"embeddable":true,"href":"https:\/\/nordicbikeshows.dk\/en\/wp-json\/wp\/v2\/media\/18553"}],"wp:featuredmedia":[{"embeddable":true,"href":"https:\/\/nordicbikeshows.dk\/en\/wp-json\/wp\/v2\/media\/18545"}],"wp:attachment":[{"href":"https:\/\/nordicbikeshows.dk\/en\/wp-json\/wp\/v2\/media?parent=18544"}],"wp:term":[{"taxonomy":"maalgruppe","embeddable":true,"href":"https:\/\/nordicbikeshows.dk\/en\/wp-json\/wp\/v2\/maalgruppe?post=18544"},{"taxonomy":"udstillerider","embeddable":true,"href":"https:\/\/nordicbikeshows.dk\/en\/wp-json\/wp\/v2\/udstillerider?post=18544"},{"taxonomy":"posttyper","embeddable":true,"href":"https:\/\/nordicbikeshows.dk\/en\/wp-json\/wp\/v2\/posttyper?post=18544"},{"taxonomy":"standpladser","embeddable":true,"href":"https:\/\/nordicbikeshows.dk\/en\/wp-json\/wp\/v2\/standpladser?post=18544"},{"taxonomy":"ug_messe","embeddable":true,"href":"https:\/\/nordicbikeshows.dk\/en\/wp-json\/wp\/v2\/ug_messe?post=18544"},{"taxonomy":"linkede_moduler","embeddable":true,"href":"https:\/\/nordicbikeshows.dk\/en\/wp-json\/wp\/v2\/linkede_moduler?post=18544"},{"taxonomy":"aktivitetskategori","embeddable":true,"href":"https:\/\/nordicbikeshows.dk\/en\/wp-json\/wp\/v2\/aktivitetskategori?post=18544"},{"taxonomy":"programsted","embeddable":true,"href":"https:\/\/nordicbikeshows.dk\/en\/wp-json\/wp\/v2\/programsted?post=18544"},{"taxonomy":"programdag","embeddable":true,"href":"https:\/\/nordicbikeshows.dk\/en\/wp-json\/wp\/v2\/programdag?post=18544"},{"taxonomy":"programtidspunkt","embeddable":true,"href":"https:\/\/nordicbikeshows.dk\/en\/wp-json\/wp\/v2\/programtidspunkt?post=18544"}],"curies":[{"name":"wp","href":"https:\/\/api.w.org\/{rel}","templated":true}]}}