{"id":27062,"date":"2025-02-25T16:29:35","date_gmt":"2025-02-25T15:29:35","guid":{"rendered":"https:\/\/nordicbikeshows.dk\/?post_type=brand&#038;p=27062"},"modified":"2025-02-25T16:29:36","modified_gmt":"2025-02-25T15:29:36","slug":"biketag","status":"publish","type":"brand","link":"https:\/\/nordicbikeshows.dk\/en\/brand\/biketag\/","title":{"rendered":"BikeTag"},"author":284,"featured_media":27065,"template":"","meta":{"_acf_changed":false,"_et_pb_use_builder":"","_et_pb_old_content":"","_et_gb_content_width":""},"udstillerkategori":[17,33,30,14,31,29],"maalgruppe":[806,805,807,803,804],"udstillerider":[1324],"posttyper":[180],"standpladser":[],"ug_messe":[1139],"linkede_moduler":[],"class_list":["post-27062","brand","type-brand","status-publish","has-post-thumbnail","hentry"],"acf":{"title_en":"BikeTag","link_til_modul":null,"udstillerkategori":[17,33,30,14,31,29],"maalgruppe":[806,805,807,803,804],"beskrivelse":"Nu har BikeTag f\u00e5et nok. Vi \u00f8nsker \u00e9n gang for alle, at\u00a0<strong>STOPPE cykeltyveri<\/strong>!\r\n\r\nVi har l\u00f8sningen, \u2013 alle cykler, nationalt og internationalt, skal have en BikeTag nummerplade og 3 streger indgraveret i sadelr\u00f8ret. S\u00e5 er festen slut for cykeltyven og vi undg\u00e5r illegal handel over landegr\u00e6nserne.\r\n\r\nHvis vi alle g\u00f8r en indsats, har tyven ikke en chance \u2013 sammen er vi meget st\u00e6rkere. Og din indsats kan betyde alverden for en anden.","beskrivelse_en":"<div class=\"tom beskrivelse dansk\"><p>Nu har BikeTag f\u00e5et nok. Vi \u00f8nsker \u00e9n gang for alle, at\u00a0<strong>STOPPE cykeltyveri<\/strong>!<\/p>\n<p>Vi har l\u00f8sningen, \u2013 alle cykler, nationalt og internationalt, skal have en BikeTag nummerplade og 3 streger indgraveret i sadelr\u00f8ret. S\u00e5 er festen slut for cykeltyven og vi undg\u00e5r illegal handel over landegr\u00e6nserne.<\/p>\n<p>Hvis vi alle g\u00f8r en indsats, har tyven ikke en chance \u2013 sammen er vi meget st\u00e6rkere. Og din indsats kan betyde alverden for en anden.<\/p>\n<\/div>","_thumbnail_id":27065,"billeder":"","some_udstillerside":false,"hjemmeside":"https:\/\/biketag.com\/","facebook":"https:\/\/www.facebook.com\/profile.php?id=61557843430942","linkedin":"","instagram":"","youtube":"https:\/\/www.youtube.com\/watch?v=L8zUIT0RV6U","url_video":"https:\/\/www.youtube.com\/watch?v=L8zUIT0RV6U","video_splash":"","relation_linket_modul":"","modul_standplads":["standard"],"modul_ug_messe":[1139],"brand_godkendt":"","accepter_betingelser":"","budget_til_markedsforing_af_brand":"standard","land":"","tekst_til_opslag":"","kort_tekst_til_reel":"","video_9_16":"","link_video_9_16":"","video_1_1_format":"","video_1_1":"","billeder_til_en_story":null,"dato_for_opslag":null,"link_til_opslag":"","relation_udstiller":[27056],"relation_module_notes":"","oversaet_til_engelsk":false,"oversaet_titel_til_engelsk":false,"overskriv_oversaettelse":false,"standpladser":false,"standard_url":"biketag?messe=cbs2025","posttyper":[180],"linkede_moduler":false,"udstillerider":[1324]},"_links":{"self":[{"href":"https:\/\/nordicbikeshows.dk\/en\/wp-json\/wp\/v2\/brand\/27062","targetHints":{"allow":["GET"]}}],"collection":[{"href":"https:\/\/nordicbikeshows.dk\/en\/wp-json\/wp\/v2\/brand"}],"about":[{"href":"https:\/\/nordicbikeshows.dk\/en\/wp-json\/wp\/v2\/types\/brand"}],"author":[{"embeddable":true,"href":"https:\/\/nordicbikeshows.dk\/en\/wp-json\/wp\/v2\/users\/284"}],"acf:post":[{"embeddable":true,"href":"https:\/\/nordicbikeshows.dk\/en\/wp-json\/wp\/v2\/udstiller\/27056"}],"wp:featuredmedia":[{"embeddable":true,"href":"https:\/\/nordicbikeshows.dk\/en\/wp-json\/wp\/v2\/media\/27065"}],"wp:attachment":[{"href":"https:\/\/nordicbikeshows.dk\/en\/wp-json\/wp\/v2\/media?parent=27062"}],"wp:term":[{"taxonomy":"udstillerkategori","embeddable":true,"href":"https:\/\/nordicbikeshows.dk\/en\/wp-json\/wp\/v2\/udstillerkategori?post=27062"},{"taxonomy":"maalgruppe","embeddable":true,"href":"https:\/\/nordicbikeshows.dk\/en\/wp-json\/wp\/v2\/maalgruppe?post=27062"},{"taxonomy":"udstillerider","embeddable":true,"href":"https:\/\/nordicbikeshows.dk\/en\/wp-json\/wp\/v2\/udstillerider?post=27062"},{"taxonomy":"posttyper","embeddable":true,"href":"https:\/\/nordicbikeshows.dk\/en\/wp-json\/wp\/v2\/posttyper?post=27062"},{"taxonomy":"standpladser","embeddable":true,"href":"https:\/\/nordicbikeshows.dk\/en\/wp-json\/wp\/v2\/standpladser?post=27062"},{"taxonomy":"ug_messe","embeddable":true,"href":"https:\/\/nordicbikeshows.dk\/en\/wp-json\/wp\/v2\/ug_messe?post=27062"},{"taxonomy":"linkede_moduler","embeddable":true,"href":"https:\/\/nordicbikeshows.dk\/en\/wp-json\/wp\/v2\/linkede_moduler?post=27062"}],"curies":[{"name":"wp","href":"https:\/\/api.w.org\/{rel}","templated":true}]}}