{"id":13453,"date":"2023-10-28T11:51:42","date_gmt":"2023-10-28T09:51:42","guid":{"rendered":"https:\/\/nordicbikeshows.dk\/?post_type=foredrag&#038;p=13453"},"modified":"2024-02-05T22:14:50","modified_gmt":"2024-02-05T21:14:50","slug":"morten-tornoee-pagh","status":"publish","type":"foredrag","link":"https:\/\/nordicbikeshows.dk\/en\/lecture\/morten-tornoee-pagh\/","title":{"rendered":"Morten Torn\u00f8e Pagh"},"author":2,"featured_media":13454,"template":"","meta":{"_acf_changed":false,"_et_pb_use_builder":"","_et_pb_old_content":"","_et_gb_content_width":""},"maalgruppe":[],"udstillerider":[544],"posttyper":[298],"standpladser":[],"ug_messe":[468],"linkede_moduler":[],"aktivitetskategori":[6],"programsted":[787],"programdag":[211],"programtidspunkt":[210],"class_list":["post-13453","foredrag","type-foredrag","status-publish","has-post-thumbnail","hentry"],"acf":{"title_en":"Morten Torn\u00f8e Pagh","link_til_modul":null,"aktivitetskategori":[6],"maalgruppe":false,"teaser":"Bliv klogere p\u00e5 DCU's nye platform Cyklingdanmark.cc","teaser_en":"Bliv klogere p\u00e5 DCU's nye platform Cyklingdanmark.cc","beskrivelse":"Kom og h\u00f8r mere om Danmarks Cykle Union nye platform <a href=\"https:\/\/www.cyklingdanmark.dk\/community\/\" target=\"_blank\" rel=\"noopener\">Cyklingdanmark.cc<\/a>, n\u00e5r projektleder Morten Torn\u00f8e Pagh holder et opl\u00e6g.\r\n\r\n<a href=\"https:\/\/www.cyklingdanmark.dk\/community\/\" target=\"_blank\" rel=\"noopener\">Cyklingdanmark.cc<\/a> bliver et f\u00e6llesskab, der skal v\u00e6re med til at samle og inspirere alle cykelglade danskere gennem vidensdeling, relevante fordele og facilitering af eksisterende cykelf\u00e6llesskaber.\r\n\r\nDanmarks Cykle Union \u00f8nsker at skabe et f\u00e6llesskab for alle der elsker cykling gennem <a href=\"https:\/\/www.cyklingdanmark.dk\/community\/\" target=\"_blank\" rel=\"noopener\">cyklingdanmark.cc<\/a>. Enten som ud\u00f8ver eller fan, og p\u00e5 sigt at klubber, individuelle og netv\u00e6rk, har en \u201dbase\u201d til gl\u00e6de og gavn for alle.\r\n\r\nCykling skal v\u00e6re 'Danmarks nye nationalsport\u2019 og DCU \u00f8nsker at binde de mange cykel interesserede sammen i et f\u00e6llesskab.\r\n\r\n&nbsp;\r\n\r\n&nbsp;","beskrivelse_en":"<div class=\"tom beskrivelse dansk\"><p>Kom og h\u00f8r mere om Danmarks Cykle Union nye platform <a href=\"https:\/\/www.cyklingdanmark.dk\/community\/\" target=\"_blank\" rel=\"noopener\">Cyklingdanmark.cc<\/a>, n\u00e5r projektleder Morten Torn\u00f8e Pagh holder et opl\u00e6g.<\/p>\n<p><a href=\"https:\/\/www.cyklingdanmark.dk\/community\/\" target=\"_blank\" rel=\"noopener\">Cyklingdanmark.cc<\/a> bliver et f\u00e6llesskab, der skal v\u00e6re med til at samle og inspirere alle cykelglade danskere gennem vidensdeling, relevante fordele og facilitering af eksisterende cykelf\u00e6llesskaber.<\/p>\n<p>Danmarks Cykle Union \u00f8nsker at skabe et f\u00e6llesskab for alle der elsker cykling gennem <a href=\"https:\/\/www.cyklingdanmark.dk\/community\/\" target=\"_blank\" rel=\"noopener\">cyklingdanmark.cc<\/a>. Enten som ud\u00f8ver eller fan, og p\u00e5 sigt at klubber, individuelle og netv\u00e6rk, har en \u201dbase\u201d til gl\u00e6de og gavn for alle.<\/p>\n<p>Cykling skal v\u00e6re &#8216;Danmarks nye nationalsport\u2019 og DCU \u00f8nsker at binde de mange cykel interesserede sammen i et f\u00e6llesskab.<\/p>\n<p>&nbsp;<\/p>\n<p>&nbsp;<\/p>\n<\/div>","_thumbnail_id":13454,"billeder":"","url_video":"","video_splash":"","modul_standplads":["standard"],"programsted":[787],"programdag":[211],"programtidspunkt":[210],"tidspunkter":[{"dag":"loerdag","tidspunkt":"12:00:00","sluttidspunkt":"12:45:00","relation_tidspunkt":[17388],"dag_tid_org":"L\u00f8rdag kl. 12.00-12.45","dag_tid_org_en":"Saturday @ 12:00-12:45","slug":"_6_loerdag_12-00_morten-tornoee-pagh_12-45"}],"modul_ug_messe":[468],"relation_udstiller":[6730],"relation_module_notes":null,"oversaet_til_engelsk":false,"oversaet_titel_til_engelsk":false,"overskriv_oversaettelse":false,"standpladser":false,"standard_url":"morten-tornoee-pagh?messe=velodays_ballerup","posttyper":[298],"linkede_moduler":false,"udstillerider":[544]},"_links":{"self":[{"href":"https:\/\/nordicbikeshows.dk\/en\/wp-json\/wp\/v2\/foredrag\/13453","targetHints":{"allow":["GET"]}}],"collection":[{"href":"https:\/\/nordicbikeshows.dk\/en\/wp-json\/wp\/v2\/foredrag"}],"about":[{"href":"https:\/\/nordicbikeshows.dk\/en\/wp-json\/wp\/v2\/types\/foredrag"}],"author":[{"embeddable":true,"href":"https:\/\/nordicbikeshows.dk\/en\/wp-json\/wp\/v2\/users\/2"}],"acf:post":[{"embeddable":true,"href":"https:\/\/nordicbikeshows.dk\/en\/wp-json\/wp\/v2\/arrangoer\/6730"}],"wp:featuredmedia":[{"embeddable":true,"href":"https:\/\/nordicbikeshows.dk\/en\/wp-json\/wp\/v2\/media\/13454"}],"wp:attachment":[{"href":"https:\/\/nordicbikeshows.dk\/en\/wp-json\/wp\/v2\/media?parent=13453"}],"wp:term":[{"taxonomy":"maalgruppe","embeddable":true,"href":"https:\/\/nordicbikeshows.dk\/en\/wp-json\/wp\/v2\/maalgruppe?post=13453"},{"taxonomy":"udstillerider","embeddable":true,"href":"https:\/\/nordicbikeshows.dk\/en\/wp-json\/wp\/v2\/udstillerider?post=13453"},{"taxonomy":"posttyper","embeddable":true,"href":"https:\/\/nordicbikeshows.dk\/en\/wp-json\/wp\/v2\/posttyper?post=13453"},{"taxonomy":"standpladser","embeddable":true,"href":"https:\/\/nordicbikeshows.dk\/en\/wp-json\/wp\/v2\/standpladser?post=13453"},{"taxonomy":"ug_messe","embeddable":true,"href":"https:\/\/nordicbikeshows.dk\/en\/wp-json\/wp\/v2\/ug_messe?post=13453"},{"taxonomy":"linkede_moduler","embeddable":true,"href":"https:\/\/nordicbikeshows.dk\/en\/wp-json\/wp\/v2\/linkede_moduler?post=13453"},{"taxonomy":"aktivitetskategori","embeddable":true,"href":"https:\/\/nordicbikeshows.dk\/en\/wp-json\/wp\/v2\/aktivitetskategori?post=13453"},{"taxonomy":"programsted","embeddable":true,"href":"https:\/\/nordicbikeshows.dk\/en\/wp-json\/wp\/v2\/programsted?post=13453"},{"taxonomy":"programdag","embeddable":true,"href":"https:\/\/nordicbikeshows.dk\/en\/wp-json\/wp\/v2\/programdag?post=13453"},{"taxonomy":"programtidspunkt","embeddable":true,"href":"https:\/\/nordicbikeshows.dk\/en\/wp-json\/wp\/v2\/programtidspunkt?post=13453"}],"curies":[{"name":"wp","href":"https:\/\/api.w.org\/{rel}","templated":true}]}}