{"id":8830,"date":"2023-03-19T11:12:51","date_gmt":"2023-03-19T10:12:51","guid":{"rendered":"https:\/\/copenhagenbikeshow.dk\/?post_type=foredrag&#038;p=8830"},"modified":"2024-02-05T22:15:01","modified_gmt":"2024-02-05T21:15:01","slug":"paa-afveje-i-libanon","status":"publish","type":"foredrag","link":"https:\/\/nordicbikeshows.dk\/en\/lecture\/paa-afveje-i-libanon\/","title":{"rendered":"P\u00e5 afveje i Libanon"},"author":1,"featured_media":8844,"template":"","meta":{"_acf_changed":false,"_et_pb_use_builder":"","_et_pb_old_content":"","_et_gb_content_width":""},"maalgruppe":[],"udstillerider":[544],"posttyper":[298],"standpladser":[],"ug_messe":[469],"linkede_moduler":[],"aktivitetskategori":[6],"programsted":[301],"programdag":[211],"programtidspunkt":[209],"class_list":["post-8830","foredrag","type-foredrag","status-publish","has-post-thumbnail","hentry"],"acf":{"title_en":"P\u00e5 afveje i Libanon","link_til_modul":null,"aktivitetskategori":[6],"maalgruppe":false,"teaser":"I for\u00e5ret 2019 hopper 3 eventyrer p\u00e5 cyklen og begiver sig gennem Libanon","teaser_en":"<div class=\"tom teaser dansk\">I for\u00e5ret 2019 hopper 3 eventyrer p\u00e5 cyklen og begiver sig gennem Libanon<\/div>","beskrivelse":"I for\u00e5ret 2019 hopper eventyrerne <strong>Bj\u00f8rn Harvig<\/strong>, <strong>Tore Gr\u00f8nne<\/strong> og <strong>Rasmus Falck<\/strong> p\u00e5 cyklen og begiver sig gennem Libanon i h\u00e5bet om m\u00f8det med det gode menneske.\r\n\r\nFilmen f\u00f8lger Bj\u00f8rn, som tidligere har cyklet fra Danmark til Iran, og Tore, som har cyklet fra Kina til Danmark. Og bag kameraet er Rasmus, som skal ud p\u00e5 sin f\u00f8rste lange cykeltur nogensinde. De cykler gennem Libanon p\u00e5 lejecykler fra Beirut med bl\u00f8de bedstefar-sadler og et l\u00f8st baghjul.\r\n\r\nDe vil vise, at hvis man hopper p\u00e5 cyklen i lande \u2013 som herhjemme i trygge Danmark har ry for at v\u00e6re \u2018banditlande\u2019 \u2013 s\u00e5 kommer man t\u00e6t p\u00e5 mennesker og kulturer og finder ud af, at verden ofte er bedre end dens ry. Derfor lader de sig fare vild i Libanon, m\u00f8der mennesker i \u00f8jenh\u00f8jde og fors\u00f8ger at forst\u00e5 deres virkelighed. De tror nemlig ikke, at folk er hverken onde, d\u00e5rlige eller vil g\u00f8re dem fortr\u00e6d, bare fordi de lever i lande med en rodet historie.\r\n\r\nVerdenspremiere p\u00e5 NAFF","beskrivelse_en":"<div class=\"tom beskrivelse dansk\"><p>I for\u00e5ret 2019 hopper eventyrerne <strong>Bj\u00f8rn Harvig<\/strong>, <strong>Tore Gr\u00f8nne<\/strong> og <strong>Rasmus Falck<\/strong> p\u00e5 cyklen og begiver sig gennem Libanon i h\u00e5bet om m\u00f8det med det gode menneske.<\/p>\n<p>Filmen f\u00f8lger Bj\u00f8rn, som tidligere har cyklet fra Danmark til Iran, og Tore, som har cyklet fra Kina til Danmark. Og bag kameraet er Rasmus, som skal ud p\u00e5 sin f\u00f8rste lange cykeltur nogensinde. De cykler gennem Libanon p\u00e5 lejecykler fra Beirut med bl\u00f8de bedstefar-sadler og et l\u00f8st baghjul.<\/p>\n<p>De vil vise, at hvis man hopper p\u00e5 cyklen i lande \u2013 som herhjemme i trygge Danmark har ry for at v\u00e6re \u2018banditlande\u2019 \u2013 s\u00e5 kommer man t\u00e6t p\u00e5 mennesker og kulturer og finder ud af, at verden ofte er bedre end dens ry. Derfor lader de sig fare vild i Libanon, m\u00f8der mennesker i \u00f8jenh\u00f8jde og fors\u00f8ger at forst\u00e5 deres virkelighed. De tror nemlig ikke, at folk er hverken onde, d\u00e5rlige eller vil g\u00f8re dem fortr\u00e6d, bare fordi de lever i lande med en rodet historie.<\/p>\n<p>Verdenspremiere p\u00e5 NAFF<\/p>\n<\/div>","_thumbnail_id":8844,"billeder":[8834,8836,8838,8840,8842],"url_video":"https:\/\/vimeo.com\/462525207","video_splash":"","modul_standplads":["standard"],"programsted":[301],"programdag":[211],"programtidspunkt":[209],"tidspunkter":[{"dag":"loerdag","tidspunkt":"14:00:00","sluttidspunkt":"14:45:00","relation_tidspunkt":[17398],"dag_tid_org":"L\u00f8rdag kl. 14.00-14.45","dag_tid_org_en":"Saturday @ 14:00-14:45","slug":"_6_loerdag_14-00_paa-afveje-i-libanon_14-45"}],"modul_ug_messe":[469],"relation_udstiller":[6730],"relation_module_notes":null,"oversaet_til_engelsk":false,"oversaet_titel_til_engelsk":false,"overskriv_oversaettelse":false,"standpladser":false,"standard_url":"paa-afveje-i-libanon?messe=nbs","posttyper":[298],"linkede_moduler":false,"udstillerider":[544]},"_links":{"self":[{"href":"https:\/\/nordicbikeshows.dk\/en\/wp-json\/wp\/v2\/foredrag\/8830","targetHints":{"allow":["GET"]}}],"collection":[{"href":"https:\/\/nordicbikeshows.dk\/en\/wp-json\/wp\/v2\/foredrag"}],"about":[{"href":"https:\/\/nordicbikeshows.dk\/en\/wp-json\/wp\/v2\/types\/foredrag"}],"author":[{"embeddable":true,"href":"https:\/\/nordicbikeshows.dk\/en\/wp-json\/wp\/v2\/users\/1"}],"acf:post":[{"embeddable":true,"href":"https:\/\/nordicbikeshows.dk\/en\/wp-json\/wp\/v2\/arrangoer\/6730"}],"acf:attachment":[{"embeddable":true,"href":"https:\/\/nordicbikeshows.dk\/en\/wp-json\/wp\/v2\/media\/8842"},{"embeddable":true,"href":"https:\/\/nordicbikeshows.dk\/en\/wp-json\/wp\/v2\/media\/8840"},{"embeddable":true,"href":"https:\/\/nordicbikeshows.dk\/en\/wp-json\/wp\/v2\/media\/8838"},{"embeddable":true,"href":"https:\/\/nordicbikeshows.dk\/en\/wp-json\/wp\/v2\/media\/8836"},{"embeddable":true,"href":"https:\/\/nordicbikeshows.dk\/en\/wp-json\/wp\/v2\/media\/8834"}],"wp:featuredmedia":[{"embeddable":true,"href":"https:\/\/nordicbikeshows.dk\/en\/wp-json\/wp\/v2\/media\/8844"}],"wp:attachment":[{"href":"https:\/\/nordicbikeshows.dk\/en\/wp-json\/wp\/v2\/media?parent=8830"}],"wp:term":[{"taxonomy":"maalgruppe","embeddable":true,"href":"https:\/\/nordicbikeshows.dk\/en\/wp-json\/wp\/v2\/maalgruppe?post=8830"},{"taxonomy":"udstillerider","embeddable":true,"href":"https:\/\/nordicbikeshows.dk\/en\/wp-json\/wp\/v2\/udstillerider?post=8830"},{"taxonomy":"posttyper","embeddable":true,"href":"https:\/\/nordicbikeshows.dk\/en\/wp-json\/wp\/v2\/posttyper?post=8830"},{"taxonomy":"standpladser","embeddable":true,"href":"https:\/\/nordicbikeshows.dk\/en\/wp-json\/wp\/v2\/standpladser?post=8830"},{"taxonomy":"ug_messe","embeddable":true,"href":"https:\/\/nordicbikeshows.dk\/en\/wp-json\/wp\/v2\/ug_messe?post=8830"},{"taxonomy":"linkede_moduler","embeddable":true,"href":"https:\/\/nordicbikeshows.dk\/en\/wp-json\/wp\/v2\/linkede_moduler?post=8830"},{"taxonomy":"aktivitetskategori","embeddable":true,"href":"https:\/\/nordicbikeshows.dk\/en\/wp-json\/wp\/v2\/aktivitetskategori?post=8830"},{"taxonomy":"programsted","embeddable":true,"href":"https:\/\/nordicbikeshows.dk\/en\/wp-json\/wp\/v2\/programsted?post=8830"},{"taxonomy":"programdag","embeddable":true,"href":"https:\/\/nordicbikeshows.dk\/en\/wp-json\/wp\/v2\/programdag?post=8830"},{"taxonomy":"programtidspunkt","embeddable":true,"href":"https:\/\/nordicbikeshows.dk\/en\/wp-json\/wp\/v2\/programtidspunkt?post=8830"}],"curies":[{"name":"wp","href":"https:\/\/api.w.org\/{rel}","templated":true}]}}