{"id":6369,"date":"2023-02-03T14:33:42","date_gmt":"2023-02-03T13:33:42","guid":{"rendered":"https:\/\/copenhagenbikeshow.dk\/?post_type=produkt&#038;p=6369"},"modified":"2026-02-05T02:51:14","modified_gmt":"2026-02-05T01:51:14","slug":"woom-go-1-plus","status":"publish","type":"produkt","link":"https:\/\/nordicbikeshows.dk\/en\/product\/woom-go-1-plus\/","title":{"rendered":"woom GO 1 Plus"},"author":64,"featured_media":28525,"template":"","meta":{"_acf_changed":false,"_et_pb_use_builder":"","_et_pb_old_content":"","_et_gb_content_width":""},"udstillerkategori":[30],"maalgruppe":[803,804],"udstillerider":[516],"posttyper":[181],"standpladser":[1503],"ug_messe":[466,1139,1407,468,1331,467,543],"linkede_moduler":[269],"class_list":["post-6369","produkt","type-produkt","status-publish","has-post-thumbnail","hentry"],"acf":{"title_en":"woom GO 1 Plus","link_til_linket_modul":null,"udstillerkategori":[30],"maalgruppe":[803,804],"teaser":"F\u00f8rste gang p\u00e5 to hjul fra tre \u00e5r og opefter","teaser_en":"<div class=\"tom teaser dansk\">F\u00f8rste gang p\u00e5 to hjul fra tre \u00e5r og opefter<\/div>","beskrivelse":"<div id=\"row-574688298\" class=\"row row-full-width align-center customContainerCenter\">\r\n<div id=\"col-1677674117\" class=\"col small-12 large-12\">\r\n<div class=\"col-inner text-center\">\r\n<div id=\"text-3352404888\" class=\"text intro\">\r\n<h3 class=\"h1\">F\u00f8rste gang p\u00e5 to hjul fra tre \u00e5r og opefter<\/h3>\r\nIkke alle sm\u00e5 cyklister starter deres cykelrejse p\u00e5 samme tid. Mens den mindre Woom GO 1 er designet til b\u00f8rn helt ned til 18 m\u00e5neder, er Woom GO 1 PLUS en fantastisk l\u00f8becykel til b\u00f8rn fra 3 \u00e5r og opefter, eller lidt yngre b\u00f8rn som er h\u00f8jere end gennemsnittet. Inden dit barn begynder at tr\u00e6de i pedalerne, f\u00e5r Woom GO 1 PLUS dem allerede i bev\u00e6gelse med muligheden for at stifte bekendtskab med cykelverdenen gennem balance og tr\u00e6ning i h\u00e5ndbremser. Woom GO 1 PLUS er udstyret med SURFBOARD Footrest, som giver b\u00f8rn mulighed for at hvile f\u00f8dderne, mens de k\u00f8rer for at opleve f\u00f8lelsen af at \u201dsurfe p\u00e5 skyer\u201d.\r\n\r\nVil du l\u00e6se mere om woom 1 plus, s\u00e5 tryk <a href=\"https:\/\/lettebornecykler.dk\/product\/woom-go-1-plus\/\">h\u00e9r<\/a>\r\n\r\n<\/div>\r\n<\/div>\r\n<\/div>\r\n<\/div>\r\n<div id=\"row-2012316536\" class=\"row align-center customContainerCenter\">\r\n<div id=\"col-1768304798\" class=\"col medium-4 small-12 large-4\">\r\n<div class=\"col-inner\">\r\n<div class=\"icon-box featured-box icon-box-center text-center\">\r\n<div class=\"icon-box-img\">\r\n<div class=\"icon\">\r\n<div class=\"icon-inner\"><img class=\"attachment-medium size-medium\" src=\"https:\/\/lettebornecykler.dk\/wp-content\/uploads\/bicycle-mounted-by-a-stick-man.png\" alt=\"\" width=\"128\" height=\"128\" \/><\/div>\r\n<\/div>\r\n<\/div>\r\n<div class=\"icon-box-text last-reset\">\r\n<h3>St\u00f8rrelse: 14\u2033 hjul<\/h3>\r\nV\u00e6gt: 4.2 kg\r\n\r\n&nbsp;\r\n\r\n<\/div>\r\n<\/div>\r\n<\/div>\r\n<\/div>\r\n<div id=\"col-2006239011\" class=\"col medium-4 small-12 large-4\">\r\n<div class=\"col-inner\">\r\n<div class=\"icon-box featured-box icon-box-center text-center\">\r\n<div class=\"icon-box-img\">\r\n<div class=\"icon\">\r\n<div class=\"icon-inner\"><img class=\"attachment-medium size-medium\" src=\"https:\/\/lettebornecykler.dk\/wp-content\/uploads\/kids.png\" alt=\"\" width=\"128\" height=\"128\" \/><\/div>\r\n<\/div>\r\n<\/div>\r\n<div class=\"icon-box-text last-reset\">\r\n<h3>Alder: 3 \u2013 4,5 \u00e5r<\/h3>\r\nH\u00f8jde: 95 \u2013 110 cm\r\n\r\n&nbsp;\r\n\r\n<\/div>\r\n<\/div>\r\n<\/div>\r\n<\/div>\r\n<div id=\"col-1342143478\" class=\"col medium-4 small-12 large-4\">\r\n<div class=\"col-inner\">\r\n<div class=\"icon-box featured-box icon-box-center text-center\">\r\n<div class=\"icon-box-img\">\r\n<div class=\"icon\">\r\n<div class=\"icon-inner\"><img class=\"attachment-medium size-medium\" src=\"https:\/\/lettebornecykler.dk\/wp-content\/uploads\/tools.png\" alt=\"\" width=\"128\" height=\"128\" \/><\/div>\r\n<\/div>\r\n<\/div>\r\n<div class=\"icon-box-text last-reset\">\r\n<h3>Tilg\u00e6ngelige udgaver:<\/h3>\r\nGO\r\n\r\n<\/div>\r\n<\/div>\r\n<\/div>\r\n<\/div>\r\n<\/div>","beskrivelse_en":"<div class=\"tom beskrivelse dansk\"><div id=\"row-574688298\" class=\"row row-full-width align-center customContainerCenter\">\n<div id=\"col-1677674117\" class=\"col small-12 large-12\">\n<div class=\"col-inner text-center\">\n<div id=\"text-3352404888\" class=\"text intro\">\n<h3 class=\"h1\">F\u00f8rste gang p\u00e5 to hjul fra tre \u00e5r og opefter<\/h3>\n<p>Ikke alle sm\u00e5 cyklister starter deres cykelrejse p\u00e5 samme tid. Mens den mindre Woom GO 1 er designet til b\u00f8rn helt ned til 18 m\u00e5neder, er Woom GO 1 PLUS en fantastisk l\u00f8becykel til b\u00f8rn fra 3 \u00e5r og opefter, eller lidt yngre b\u00f8rn som er h\u00f8jere end gennemsnittet. Inden dit barn begynder at tr\u00e6de i pedalerne, f\u00e5r Woom GO 1 PLUS dem allerede i bev\u00e6gelse med muligheden for at stifte bekendtskab med cykelverdenen gennem balance og tr\u00e6ning i h\u00e5ndbremser. Woom GO 1 PLUS er udstyret med SURFBOARD Footrest, som giver b\u00f8rn mulighed for at hvile f\u00f8dderne, mens de k\u00f8rer for at opleve f\u00f8lelsen af at \u201dsurfe p\u00e5 skyer\u201d.<\/p>\n<p>Vil du l\u00e6se mere om woom 1 plus, s\u00e5 tryk <a href=\"https:\/\/lettebornecykler.dk\/product\/woom-go-1-plus\/\">h\u00e9r<\/a><\/p>\n<\/div>\n<\/div>\n<\/div>\n<\/div>\n<div id=\"row-2012316536\" class=\"row align-center customContainerCenter\">\n<div id=\"col-1768304798\" class=\"col medium-4 small-12 large-4\">\n<div class=\"col-inner\">\n<div class=\"icon-box featured-box icon-box-center text-center\">\n<div class=\"icon-box-img\">\n<div class=\"icon\">\n<div class=\"icon-inner\"><img loading=\"lazy\" decoding=\"async\" class=\"attachment-medium size-medium\" src=\"https:\/\/lettebornecykler.dk\/wp-content\/uploads\/bicycle-mounted-by-a-stick-man.png\" alt=\"\" width=\"128\" height=\"128\" \/><\/div>\n<\/div>\n<\/div>\n<div class=\"icon-box-text last-reset\">\n<h3>St\u00f8rrelse: 14\u2033 hjul<\/h3>\n<p>V\u00e6gt: 4.2 kg<\/p>\n<p>&nbsp;<\/p>\n<\/div>\n<\/div>\n<\/div>\n<\/div>\n<div id=\"col-2006239011\" class=\"col medium-4 small-12 large-4\">\n<div class=\"col-inner\">\n<div class=\"icon-box featured-box icon-box-center text-center\">\n<div class=\"icon-box-img\">\n<div class=\"icon\">\n<div class=\"icon-inner\"><img loading=\"lazy\" decoding=\"async\" class=\"attachment-medium size-medium\" src=\"https:\/\/lettebornecykler.dk\/wp-content\/uploads\/kids.png\" alt=\"\" width=\"128\" height=\"128\" \/><\/div>\n<\/div>\n<\/div>\n<div class=\"icon-box-text last-reset\">\n<h3>Alder: 3 \u2013 4,5 \u00e5r<\/h3>\n<p>H\u00f8jde: 95 \u2013 110 cm<\/p>\n<p>&nbsp;<\/p>\n<\/div>\n<\/div>\n<\/div>\n<\/div>\n<div id=\"col-1342143478\" class=\"col medium-4 small-12 large-4\">\n<div class=\"col-inner\">\n<div class=\"icon-box featured-box icon-box-center text-center\">\n<div class=\"icon-box-img\">\n<div class=\"icon\">\n<div class=\"icon-inner\"><img loading=\"lazy\" decoding=\"async\" class=\"attachment-medium size-medium\" src=\"https:\/\/lettebornecykler.dk\/wp-content\/uploads\/tools.png\" alt=\"\" width=\"128\" height=\"128\" \/><\/div>\n<\/div>\n<\/div>\n<div class=\"icon-box-text last-reset\">\n<h3>Tilg\u00e6ngelige udgaver:<\/h3>\n<p>GO<\/p>\n<\/div>\n<\/div>\n<\/div>\n<\/div>\n<\/div>\n<\/div>","_thumbnail_id":28525,"billeder":[28517,28523,28521,28519],"url_video":"","video_splash":"","relation_linket_modul":[6307],"modul_standplads":["1355"],"messepris":2799,"linket_modul_ug_messe":[466,1139,1407,468,1331,467,543],"relation_udstiller":[5769],"relation_module_notes":"","oversaet_til_engelsk":false,"oversaet_titel_til_engelsk":false,"overskriv_oversaettelse":false,"standpladser":[1503],"standard_url":"woom-go-1-plus?messe=velodays_vejle_b2b","posttyper":[181],"linkede_moduler":[269],"udstillerider":[516]},"_links":{"self":[{"href":"https:\/\/nordicbikeshows.dk\/en\/wp-json\/wp\/v2\/produkt\/6369","targetHints":{"allow":["GET"]}}],"collection":[{"href":"https:\/\/nordicbikeshows.dk\/en\/wp-json\/wp\/v2\/produkt"}],"about":[{"href":"https:\/\/nordicbikeshows.dk\/en\/wp-json\/wp\/v2\/types\/produkt"}],"author":[{"embeddable":true,"href":"https:\/\/nordicbikeshows.dk\/en\/wp-json\/wp\/v2\/users\/64"}],"acf:post":[{"embeddable":true,"href":"https:\/\/nordicbikeshows.dk\/en\/wp-json\/wp\/v2\/udstiller\/5769"},{"embeddable":true,"href":"https:\/\/nordicbikeshows.dk\/en\/wp-json\/wp\/v2\/brand\/6307"}],"acf:attachment":[{"embeddable":true,"href":"https:\/\/nordicbikeshows.dk\/en\/wp-json\/wp\/v2\/media\/28519"},{"embeddable":true,"href":"https:\/\/nordicbikeshows.dk\/en\/wp-json\/wp\/v2\/media\/28521"},{"embeddable":true,"href":"https:\/\/nordicbikeshows.dk\/en\/wp-json\/wp\/v2\/media\/28523"},{"embeddable":true,"href":"https:\/\/nordicbikeshows.dk\/en\/wp-json\/wp\/v2\/media\/28517"}],"wp:featuredmedia":[{"embeddable":true,"href":"https:\/\/nordicbikeshows.dk\/en\/wp-json\/wp\/v2\/media\/28525"}],"wp:attachment":[{"href":"https:\/\/nordicbikeshows.dk\/en\/wp-json\/wp\/v2\/media?parent=6369"}],"wp:term":[{"taxonomy":"udstillerkategori","embeddable":true,"href":"https:\/\/nordicbikeshows.dk\/en\/wp-json\/wp\/v2\/udstillerkategori?post=6369"},{"taxonomy":"maalgruppe","embeddable":true,"href":"https:\/\/nordicbikeshows.dk\/en\/wp-json\/wp\/v2\/maalgruppe?post=6369"},{"taxonomy":"udstillerider","embeddable":true,"href":"https:\/\/nordicbikeshows.dk\/en\/wp-json\/wp\/v2\/udstillerider?post=6369"},{"taxonomy":"posttyper","embeddable":true,"href":"https:\/\/nordicbikeshows.dk\/en\/wp-json\/wp\/v2\/posttyper?post=6369"},{"taxonomy":"standpladser","embeddable":true,"href":"https:\/\/nordicbikeshows.dk\/en\/wp-json\/wp\/v2\/standpladser?post=6369"},{"taxonomy":"ug_messe","embeddable":true,"href":"https:\/\/nordicbikeshows.dk\/en\/wp-json\/wp\/v2\/ug_messe?post=6369"},{"taxonomy":"linkede_moduler","embeddable":true,"href":"https:\/\/nordicbikeshows.dk\/en\/wp-json\/wp\/v2\/linkede_moduler?post=6369"}],"curies":[{"name":"wp","href":"https:\/\/api.w.org\/{rel}","templated":true}]}}