{"id":26674,"date":"2025-02-20T14:35:20","date_gmt":"2025-02-20T13:35:20","guid":{"rendered":"https:\/\/nordicbikeshows.dk\/?post_type=udstiller&#038;p=26674"},"modified":"2026-03-05T20:17:09","modified_gmt":"2026-03-05T19:17:09","slug":"hr-velo","status":"publish","type":"udstiller","link":"https:\/\/nordicbikeshows.dk\/en\/exhibitor\/hr-velo\/","title":{"rendered":"Hr. V\u00e9lo"},"author":281,"featured_media":26678,"template":"","meta":{"_acf_changed":false,"_et_pb_use_builder":"","_et_pb_old_content":"","_et_gb_content_width":""},"udstillerkategori":[30,31],"udstillertype":[25],"maalgruppe":[805,807,803,804],"udstillerider":[1297],"posttyper":[178],"standpladser":[1717],"ug_messe":[1139,1407],"class_list":["post-26674","udstiller","type-udstiller","status-publish","has-post-thumbnail","hentry"],"acf":{"title_en":"Hr. V\u00e9lo","link_til_udstillerside":null,"udstillerkategori":[30,31],"udstillertype":[25],"maalgruppe":[805,807,804,803],"beskrivelse":"Hej jeg hedder Magnus og har haft min cykelforretning Hr. V\u00e9lo\r\ni K\u00f8benhavn siden 2010...\r\n\r\nJeg var p\u00e5 Copenhagen Bike Show, som udstiller, for f\u00f8rste gang\r\nsidste \u00e5r med mine prototyper p\u00e5 min nye rammeproduktion \"Rascal\"\r\n\r\nI\u00e5r er jeg s\u00e5 tilbage, og kan med stor gl\u00e6de vise mine Rascal\r\ncykler frem igen - produktionen er blevet realiseret og rammerne\r\ner p\u00e5 lager nu!\r\n\r\nJeg medbringer nogle forskellige komplette cykler,\r\ns\u00e5 jeg kan vise, hvor alsidig cyklen er.\r\n\r\nDer vil ogs\u00e5 v\u00e6re nogle specielle one-offs,\r\ni specielle lakeringer...\r\n\r\nOg s\u00e5 tager jeg nok ogs\u00e5 prototypen,\r\np\u00e5 min n\u00e6ste store ide med...\r\n\r\nI \u00e5r har jeg stand nr. 424 \u00e5r i Kedelsmedjen\r\n\r\n<em>Rascal er min dr\u00f8m om den ultimative \"hverdagscykel\"<\/em>\r\n<em>- en cykel, som b\u00e5de klarer turen til bageren og turen i skoven!<\/em>\r\n\r\n<em>Jeg har arbejdet p\u00e5 denne ramme i flere \u00e5r, og produktionen er nu endelig afsluttet,<\/em>\r\n<em>og rammerne er p\u00e5 lager!!<\/em>\r\n<em>Jeg gl\u00e6der mig enormt meget til at vise dem frem\r\nog h\u00f8res jeres meninger om den.<\/em>\r\n\r\nDet er muligt at k\u00f8be et framekit til kr. 7999,-\r\n\r\nJeg kan ogs\u00e5 bygge en komplet cykel\r\nudfra dine \u00f8nsker - dette er dog kun muligt ved\r\nafhentning i min butik.\r\n\r\nDu kan l\u00e6se mere herunder:\r\n<a href=\"https:\/\/hrvelo.dk\/rascal\/\">https:\/\/hrvelo.dk\/rascal\/<\/a>\r\n\r\nVh Magnus \/ Hr. V\u00e9lo","beskrivelse_en":"Hi, my name is Magnus and I'm the owner of the bikeshop Hr. V\u00e9lo in Copenhagen\r\n\r\nI have been working on my new frameset \"Rascal\" for several years...\r\n\r\nAnd now, the first small batch production is actually completed and in stock\r\n\r\nI will bring a line of complete builds to showcase the versatility of the frameset,\r\nthere will also be some special builds and one-offs in special colors...\r\n\r\nYou can find me at booth 424 in Kedelsmedjen\r\n\r\nYou can read more about the Rascals here:\r\n<a href=\"https:\/\/hrvelo.dk\/rascal\/\">https:\/\/hrvelo.dk\/rascal\/<\/a>\r\n\r\nKind regards\r\nMagnus \/\/ Hr. V\u00e9lo","_thumbnail_id":26678,"billeder":[26686,26682,26684,26688,26680],"url_video":"","video_splash":"","kontaktperson":{"kontaktperson":"Magnus Bank","kontaktperson_telefon":"26337726","email":"kontakt@hrvelo.dk"},"firmanavn":"","cvr":"","telefon":"","email":"kontakt@hrvelo.dk","hjemmeside":"https:\/\/hrvelo.dk\/","hjemmeside_speciel":"","facebook":"https:\/\/www.facebook.com\/www.hrvelo.dk\/?locale=da_DK","linkedin":"","instagram":"https:\/\/www.instagram.com\/hrvelo\/","youtube":"","adresse":{"adresse":"Vesterbrogade 135","adresse_2":"","postnr":"1620","by":"K\u00f8benhavn V","land":"dk"},"koordinater":"","book_moede":false,"book_moede_setup":{"antal_tidspunkter_pr_time":"4","antal_gange_hvert_tidspunkt_kan_bookes":1,"email_moedebooking":""},"udstiller_standplads":null,"standplads":[{"standplads_godkendt":true,"messe":"1139","standkort_id":19959,"standplads":"301","standplads_id":1717}],"ug_messe":[1139,1407],"standard_url":"hr-velo?messe=cbs2026","relation_produkt":"","relation_aktivitet":"","relation_kontaktperson":[26690],"relation_brand":[26697,26758],"relation_moede":"","relation_module_notes":"","posttyper":[178],"saet_forfatter":false,"saet_udstillinger_paa_moduler":false,"udgiv_moduler":false,"kladde_moduler":false,"oversaet_til_engelsk":false,"oversaet_titel_til_engelsk":false,"overskriv_oversaettelse":false},"_links":{"self":[{"href":"https:\/\/nordicbikeshows.dk\/en\/wp-json\/wp\/v2\/udstiller\/26674","targetHints":{"allow":["GET"]}}],"collection":[{"href":"https:\/\/nordicbikeshows.dk\/en\/wp-json\/wp\/v2\/udstiller"}],"about":[{"href":"https:\/\/nordicbikeshows.dk\/en\/wp-json\/wp\/v2\/types\/udstiller"}],"author":[{"embeddable":true,"href":"https:\/\/nordicbikeshows.dk\/en\/wp-json\/wp\/v2\/users\/281"}],"acf:post":[{"embeddable":true,"href":"https:\/\/nordicbikeshows.dk\/en\/wp-json\/wp\/v2\/brand\/26758"},{"embeddable":true,"href":"https:\/\/nordicbikeshows.dk\/en\/wp-json\/wp\/v2\/brand\/26697"},{"embeddable":true,"href":"https:\/\/nordicbikeshows.dk\/en\/wp-json\/wp\/v2\/kontaktperson\/26690"}],"acf:attachment":[{"embeddable":true,"href":"https:\/\/nordicbikeshows.dk\/en\/wp-json\/wp\/v2\/media\/26680"},{"embeddable":true,"href":"https:\/\/nordicbikeshows.dk\/en\/wp-json\/wp\/v2\/media\/26688"},{"embeddable":true,"href":"https:\/\/nordicbikeshows.dk\/en\/wp-json\/wp\/v2\/media\/26684"},{"embeddable":true,"href":"https:\/\/nordicbikeshows.dk\/en\/wp-json\/wp\/v2\/media\/26682"},{"embeddable":true,"href":"https:\/\/nordicbikeshows.dk\/en\/wp-json\/wp\/v2\/media\/26686"}],"wp:featuredmedia":[{"embeddable":true,"href":"https:\/\/nordicbikeshows.dk\/en\/wp-json\/wp\/v2\/media\/26678"}],"wp:attachment":[{"href":"https:\/\/nordicbikeshows.dk\/en\/wp-json\/wp\/v2\/media?parent=26674"}],"wp:term":[{"taxonomy":"udstillerkategori","embeddable":true,"href":"https:\/\/nordicbikeshows.dk\/en\/wp-json\/wp\/v2\/udstillerkategori?post=26674"},{"taxonomy":"udstillertype","embeddable":true,"href":"https:\/\/nordicbikeshows.dk\/en\/wp-json\/wp\/v2\/udstillertype?post=26674"},{"taxonomy":"maalgruppe","embeddable":true,"href":"https:\/\/nordicbikeshows.dk\/en\/wp-json\/wp\/v2\/maalgruppe?post=26674"},{"taxonomy":"udstillerider","embeddable":true,"href":"https:\/\/nordicbikeshows.dk\/en\/wp-json\/wp\/v2\/udstillerider?post=26674"},{"taxonomy":"posttyper","embeddable":true,"href":"https:\/\/nordicbikeshows.dk\/en\/wp-json\/wp\/v2\/posttyper?post=26674"},{"taxonomy":"standpladser","embeddable":true,"href":"https:\/\/nordicbikeshows.dk\/en\/wp-json\/wp\/v2\/standpladser?post=26674"},{"taxonomy":"ug_messe","embeddable":true,"href":"https:\/\/nordicbikeshows.dk\/en\/wp-json\/wp\/v2\/ug_messe?post=26674"}],"curies":[{"name":"wp","href":"https:\/\/api.w.org\/{rel}","templated":true}]}}